{"id":4203,"date":"2024-11-26T09:06:25","date_gmt":"2024-11-26T09:06:25","guid":{"rendered":"https:\/\/fildebosc.es\/transformacio-de-residus\/"},"modified":"2024-11-26T09:06:25","modified_gmt":"2024-11-26T09:06:25","slug":"transformacio-de-residus","status":"publish","type":"page","link":"https:\/\/fildebosc.es\/ca\/transformacio-de-residus\/","title":{"rendered":"Transformaci\u00f3 de residus"},"content":{"rendered":"<p>[et_pb_section fb_built=&#8221;1&#8243; disabled_on=&#8221;on|on|off&#8221; admin_label=&#8221;Header&#8221; _builder_version=&#8221;4.27.3&#8243; _module_preset=&#8221;default&#8221; use_background_color_gradient=&#8221;on&#8221; background_color_gradient_stops=&#8221;rgba(44,42,39,0.6) 0%|rgba(44,42,39,0.6) 100%&#8221; background_color_gradient_overlays_image=&#8221;on&#8221; background_image=&#8221;https:\/\/fildebosc.es\/wp-content\/uploads\/2024\/02\/SERVICIOS_-TRANSFORMANDO-e1732630258918.jpg&#8221; parallax=&#8221;on&#8221; min_height=&#8221;100vh&#8221; custom_padding=&#8221;18vw||12vw||false|false&#8221; locked=&#8221;off&#8221; collapsed=&#8221;on&#8221; global_colors_info=&#8221;{}&#8221;][et_pb_row column_structure=&#8221;2_3,1_3&#8243; _builder_version=&#8221;4.23.2&#8243; _module_preset=&#8221;default&#8221; max_width=&#8221;none&#8221; global_colors_info=&#8221;{}&#8221;][et_pb_column type=&#8221;2_3&#8243; _builder_version=&#8221;4.23.2&#8243; _module_preset=&#8221;default&#8221; global_colors_info=&#8221;{}&#8221;][et_pb_divider show_divider=&#8221;off&#8221; _builder_version=&#8221;4.23.2&#8243; _module_preset=&#8221;default&#8221; width=&#8221;30px&#8221; height=&#8221;30px&#8221; custom_margin=&#8221;||30px||false|false&#8221; border_color_all=&#8221;#9ea38f&#8221; border_width_top=&#8221;1px&#8221; border_width_left=&#8221;1px&#8221; locked=&#8221;off&#8221; global_colors_info=&#8221;{}&#8221;][\/et_pb_divider][et_pb_text _builder_version=&#8221;4.27.3&#8243; _module_preset=&#8221;_initial&#8221; text_text_color=&#8221;#FFFFFF&#8221; text_font_size=&#8221;44px&#8221; header_text_color=&#8221;#FFFFFF&#8221; custom_margin=&#8221;||10px||false|false&#8221; global_colors_info=&#8221;{}&#8221;]<\/p>\n<p>Transformaci\u00f3 de residus en recursos<\/p>\n<p>[\/et_pb_text][\/et_pb_column][et_pb_column type=&#8221;1_3&#8243; _builder_version=&#8221;4.23.2&#8243; _module_preset=&#8221;default&#8221; global_colors_info=&#8221;{}&#8221;][\/et_pb_column][\/et_pb_row][et_pb_row _builder_version=&#8221;4.27.3&#8243; _module_preset=&#8221;default&#8221; global_colors_info=&#8221;{}&#8221;][et_pb_column type=&#8221;4_4&#8243; _builder_version=&#8221;4.27.3&#8243; _module_preset=&#8221;default&#8221; global_colors_info=&#8221;{}&#8221;][et_pb_text _builder_version=&#8221;4.27.3&#8243; _module_preset=&#8221;default&#8221; text_text_color=&#8221;#FFFFFF&#8221; text_font_size=&#8221;23px&#8221; text_line_height=&#8221;1.6em&#8221; global_colors_info=&#8221;{}&#8221;]<\/p>\n<p style=\"font-weight: 400;\">Treballem per a trobar solucions innovadores que converteixin el que resulten desaprofitaments en valuosos recursos. Aix\u00f2 no sols <strong>beneficia<\/strong> als nostres clients <strong>reduint costos<\/strong> i millorant la <strong>qualitat dels aliments<\/strong>, sin\u00f3 que tamb\u00e9 contribueix a la <strong>regeneraci\u00f3<\/strong> dels nostres territoris. <\/p>\n<p>[\/et_pb_text][\/et_pb_column][\/et_pb_row][\/et_pb_section][et_pb_section fb_built=&#8221;1&#8243; disabled_on=&#8221;off|off|on&#8221; admin_label=&#8221;Header&#8221; _builder_version=&#8221;4.27.3&#8243; _module_preset=&#8221;default&#8221; use_background_color_gradient=&#8221;on&#8221; background_color_gradient_stops=&#8221;rgba(44,42,39,0.6) 0%|rgba(44,42,39,0.6) 100%&#8221; background_color_gradient_overlays_image=&#8221;on&#8221; background_image=&#8221;https:\/\/fildebosc.es\/wp-content\/uploads\/2024\/02\/SERVICIOS_-TRANSFORMANDO-e1732630258918.jpg&#8221; parallax=&#8221;on&#8221; min_height=&#8221;100vh&#8221; custom_padding=&#8221;18vw||12vw||false|false&#8221; locked=&#8221;off&#8221; collapsed=&#8221;on&#8221; global_colors_info=&#8221;{}&#8221;][et_pb_row column_structure=&#8221;2_3,1_3&#8243; _builder_version=&#8221;4.23.2&#8243; _module_preset=&#8221;default&#8221; max_width=&#8221;none&#8221; global_colors_info=&#8221;{}&#8221;][et_pb_column type=&#8221;2_3&#8243; _builder_version=&#8221;4.23.2&#8243; _module_preset=&#8221;default&#8221; global_colors_info=&#8221;{}&#8221;][et_pb_divider show_divider=&#8221;off&#8221; _builder_version=&#8221;4.23.2&#8243; _module_preset=&#8221;default&#8221; width=&#8221;30px&#8221; height=&#8221;30px&#8221; custom_margin=&#8221;||30px||false|false&#8221; border_color_all=&#8221;#9ea38f&#8221; border_width_top=&#8221;1px&#8221; border_width_left=&#8221;1px&#8221; locked=&#8221;off&#8221; global_colors_info=&#8221;{}&#8221;][\/et_pb_divider][et_pb_text _builder_version=&#8221;4.27.3&#8243; _module_preset=&#8221;_initial&#8221; text_text_color=&#8221;#FFFFFF&#8221; text_font_size=&#8221;30px&#8221; text_letter_spacing=&#8221;1px&#8221; text_line_height=&#8221;1.8em&#8221; header_text_color=&#8221;#FFFFFF&#8221; custom_margin=&#8221;||10px||false|false&#8221; global_colors_info=&#8221;{}&#8221;]<\/p>\n<p style=\"text-align: center;\">Transformaci\u00f3 de residus en recursos<\/p>\n<p>[\/et_pb_text][\/et_pb_column][et_pb_column type=&#8221;1_3&#8243; _builder_version=&#8221;4.23.2&#8243; _module_preset=&#8221;default&#8221; global_colors_info=&#8221;{}&#8221;][\/et_pb_column][\/et_pb_row][et_pb_row _builder_version=&#8221;4.27.3&#8243; _module_preset=&#8221;default&#8221; global_colors_info=&#8221;{}&#8221;][et_pb_column type=&#8221;4_4&#8243; _builder_version=&#8221;4.27.3&#8243; _module_preset=&#8221;default&#8221; global_colors_info=&#8221;{}&#8221;][et_pb_text _builder_version=&#8221;4.27.3&#8243; _module_preset=&#8221;default&#8221; text_text_color=&#8221;#FFFFFF&#8221; text_font_size=&#8221;23px&#8221; text_line_height=&#8221;1.6em&#8221; text_orientation=&#8221;center&#8221; global_colors_info=&#8221;{}&#8221;]<\/p>\n<p style=\"font-weight: 400;\"><strong>Investiguem<\/strong> solucions innovadores que converteixin el que resulten desaprofitaments en valuosos recursos. Aix\u00f2 no sols<strong> beneficia<\/strong> als nostres clients<strong> reduint costos <\/strong>i millorant la <strong>qualitat dels aliments,<\/strong> sin\u00f3 que tamb\u00e9 contribueix a la <strong>regeneraci\u00f3<\/strong> dels nostres territoris. <\/p>\n<p>[\/et_pb_text][\/et_pb_column][\/et_pb_row][\/et_pb_section][et_pb_section fb_built=&#8221;1&#8243; admin_label=&#8221;Feature&#8221; _builder_version=&#8221;4.23.2&#8243; _module_preset=&#8221;default&#8221; background_color=&#8221;gcid-fc7afca1-7302-4e55-829d-3d445387c282&#8243; background_image=&#8221;https:\/\/fildebosc.es\/wp-content\/uploads\/2024\/11\/spa-background-05c@4x.png&#8221; background_size=&#8221;custom&#8221; background_image_width=&#8221;10%&#8221; background_position=&#8221;bottom_right&#8221; collapsed=&#8221;on&#8221; global_colors_info=&#8221;{%22gcid-fc7afca1-7302-4e55-829d-3d445387c282%22:%91%22background_color%22%93}&#8221;][et_pb_row column_structure=&#8221;1_2,1_2&#8243; make_equal=&#8221;on&#8221; _builder_version=&#8221;4.27.3&#8243; _module_preset=&#8221;default&#8221; global_colors_info=&#8221;{}&#8221;][et_pb_column type=&#8221;1_2&#8243; _builder_version=&#8221;4.27.3&#8243; _module_preset=&#8221;default&#8221; background_image=&#8221;https:\/\/fildebosc.es\/wp-content\/uploads\/2024\/02\/IMG_0094-scaled.jpeg&#8221; global_colors_info=&#8221;{}&#8221;][et_pb_divider show_divider=&#8221;off&#8221; _builder_version=&#8221;4.23.2&#8243; _module_preset=&#8221;default&#8221; height_tablet=&#8221;40vw&#8221; height_phone=&#8221;40vw&#8221; height_last_edited=&#8221;on|desktop&#8221; global_colors_info=&#8221;{}&#8221;][\/et_pb_divider][\/et_pb_column][et_pb_column type=&#8221;1_2&#8243; _builder_version=&#8221;4.23.2&#8243; _module_preset=&#8221;default&#8221; global_colors_info=&#8221;{}&#8221;][et_pb_text _builder_version=&#8221;4.27.3&#8243; _module_preset=&#8221;_initial&#8221; header_2_text_color=&#8221;gcid-3c3581c1-f373-4686-aa51-f9f01c8ffd79&#8243; text_orientation=&#8221;center&#8221; custom_margin=&#8221;||10px||false|false&#8221; global_colors_info=&#8221;{%22gcid-3c3581c1-f373-4686-aa51-f9f01c8ffd79%22:%91%22header_2_text_color%22%93}&#8221;]<\/p>\n<h2>Transformem els teus residus<\/h2>\n<p>&nbsp;<\/p>\n<p>[\/et_pb_text][et_pb_text _builder_version=&#8221;4.27.3&#8243; _module_preset=&#8221;_initial&#8221; text_font=&#8221;Inter||||||||&#8221; text_text_color=&#8221;#000000&#8243; text_font_size=&#8221;20px&#8221; header_font=&#8221;||||||||&#8221; text_orientation=&#8221;center&#8221; global_colors_info=&#8221;{}&#8221;]<\/p>\n<p>Et mostrem com replicar-ho de manera<\/p>\n<p><strong>Senzilla<\/strong><\/p>\n<p><strong>Replicable<\/strong><\/p>\n<p><strong>Concorde a les teves necessitats <\/strong><\/p>\n<p>[\/et_pb_text][et_pb_image src=&#8221;https:\/\/fildebosc.es\/wp-content\/uploads\/2024\/02\/IMG_9938-scaled.jpeg&#8221; title_text=&#8221;IMG_9938&#8243; _builder_version=&#8221;4.27.3&#8243; _module_preset=&#8221;default&#8221; background_image=&#8221;https:\/\/fildebosc.es\/wp-content\/uploads\/2024\/02\/IMG_9938-scaled.jpeg&#8221; global_colors_info=&#8221;{}&#8221;][\/et_pb_image][\/et_pb_column][\/et_pb_row][\/et_pb_section][et_pb_section fb_built=&#8221;1&#8243; admin_label=&#8221;Services&#8221; _builder_version=&#8221;4.27.3&#8243; _module_preset=&#8221;default&#8221; background_color=&#8221;#e2d7b7&#8243; locked=&#8221;off&#8221; collapsed=&#8221;on&#8221; global_colors_info=&#8221;{%22gcid-fc7afca1-7302-4e55-829d-3d445387c282%22:%91%22background_color%22%93}&#8221;][et_pb_row _builder_version=&#8221;4.27.3&#8243; _module_preset=&#8221;default&#8221; global_colors_info=&#8221;{}&#8221;][et_pb_column type=&#8221;4_4&#8243; _builder_version=&#8221;4.27.3&#8243; _module_preset=&#8221;default&#8221; global_colors_info=&#8221;{}&#8221;][et_pb_text _builder_version=&#8221;4.27.3&#8243; _module_preset=&#8221;default&#8221; text_orientation=&#8221;center&#8221; global_colors_info=&#8221;{}&#8221;]<\/p>\n<h2>Com realitzem la transformaci\u00f3 de residus en recursos?<\/h2>\n<p>[\/et_pb_text][\/et_pb_column][\/et_pb_row][et_pb_row column_structure=&#8221;1_4,1_4,1_4,1_4&#8243; _builder_version=&#8221;4.23.2&#8243; _module_preset=&#8221;default&#8221; global_colors_info=&#8221;{}&#8221;][et_pb_column type=&#8221;1_4&#8243; _builder_version=&#8221;4.23.2&#8243; _module_preset=&#8221;default&#8221; global_colors_info=&#8221;{}&#8221;][et_pb_image src=&#8221;https:\/\/fildebosc.es\/wp-content\/uploads\/2024\/11\/spa-icon-dark-01@2x.png&#8221; title_text=&#8221;spa-icon-dark-01@2x&#8221; _builder_version=&#8221;4.23.2&#8243; _module_preset=&#8221;default&#8221; max_width=&#8221;48px&#8221; max_height=&#8221;48px&#8221; custom_margin=&#8221;||20px||false|false&#8221; global_colors_info=&#8221;{}&#8221;][\/et_pb_image][et_pb_text _builder_version=&#8221;4.27.3&#8243; _module_preset=&#8221;_initial&#8221; header_6_text_color=&#8221;gcid-3c3581c1-f373-4686-aa51-f9f01c8ffd79&#8243; custom_margin=&#8221;||10px||false|false&#8221; global_colors_info=&#8221;{%22gcid-3c3581c1-f373-4686-aa51-f9f01c8ffd79%22:%91%22header_6_text_color%22%93}&#8221;]<\/p>\n<h3><span style=\"font-size: x-large;\">Identifiquem<\/span><\/h3>\n<p>[\/et_pb_text][et_pb_text _builder_version=&#8221;4.27.3&#8243; _module_preset=&#8221;_initial&#8221; text_text_color=&#8221;gcid-75f8feef-8e89-48de-a593-3e169dc48f01&#8243; text_font_size=&#8221;17px&#8221; global_colors_info=&#8221;{%22gcid-75f8feef-8e89-48de-a593-3e169dc48f01%22:%91%22text_text_color%22%93}&#8221;]<\/p>\n<div><span>Cada un dels residus que es generen en la finca i que representen una problem\u00e0tica en l&#8217;entorn. <\/span><\/div>\n<div><\/div>\n<p>[\/et_pb_text][\/et_pb_column][et_pb_column type=&#8221;1_4&#8243; _builder_version=&#8221;4.23.2&#8243; _module_preset=&#8221;default&#8221; global_colors_info=&#8221;{}&#8221;][et_pb_image src=&#8221;https:\/\/fildebosc.es\/wp-content\/uploads\/2024\/11\/spa-icon-dark-02@2x.png&#8221; title_text=&#8221;spa-icon-dark-02@2x&#8221; _builder_version=&#8221;4.23.2&#8243; _module_preset=&#8221;default&#8221; max_width=&#8221;48px&#8221; max_height=&#8221;48px&#8221; custom_margin=&#8221;||20px||false|false&#8221; global_colors_info=&#8221;{}&#8221;][\/et_pb_image][et_pb_text _builder_version=&#8221;4.27.3&#8243; _module_preset=&#8221;_initial&#8221; header_6_text_color=&#8221;gcid-3c3581c1-f373-4686-aa51-f9f01c8ffd79&#8243; custom_margin=&#8221;||10px||false|false&#8221; global_colors_info=&#8221;{%22gcid-3c3581c1-f373-4686-aa51-f9f01c8ffd79%22:%91%22header_6_text_color%22%93}&#8221;]<\/p>\n<h3><span style=\"font-size: x-large;\">Transformem<\/span><\/h3>\n<p>[\/et_pb_text][et_pb_text _builder_version=&#8221;4.27.3&#8243; _module_preset=&#8221;_initial&#8221; text_text_color=&#8221;gcid-75f8feef-8e89-48de-a593-3e169dc48f01&#8243; text_font_size=&#8221;17px&#8221; global_colors_info=&#8221;{%22gcid-75f8feef-8e89-48de-a593-3e169dc48f01%22:%91%22text_text_color%22%93}&#8221;]<\/p>\n<p>Busquem solucions a tots els residus que es generen i es malgasten, creant efici\u00e8ncia.<\/p>\n<p>[\/et_pb_text][\/et_pb_column][et_pb_column type=&#8221;1_4&#8243; _builder_version=&#8221;4.23.2&#8243; _module_preset=&#8221;default&#8221; global_colors_info=&#8221;{}&#8221;][et_pb_image src=&#8221;https:\/\/fildebosc.es\/wp-content\/uploads\/2024\/11\/spa-icon-dark-03@2x.png&#8221; title_text=&#8221;spa-icon-dark-03@2x&#8221; _builder_version=&#8221;4.23.2&#8243; _module_preset=&#8221;default&#8221; max_width=&#8221;48px&#8221; max_height=&#8221;48px&#8221; custom_margin=&#8221;||20px||false|false&#8221; global_colors_info=&#8221;{}&#8221;][\/et_pb_image][et_pb_text _builder_version=&#8221;4.27.3&#8243; _module_preset=&#8221;_initial&#8221; header_6_text_color=&#8221;gcid-3c3581c1-f373-4686-aa51-f9f01c8ffd79&#8243; custom_margin=&#8221;||10px||false|false&#8221; global_colors_info=&#8221;{%22gcid-3c3581c1-f373-4686-aa51-f9f01c8ffd79%22:%91%22header_6_text_color%22%93}&#8221;]<\/p>\n<h3><span style=\"font-size: x-large;\">Redu\u00efm costos<\/span><\/h3>\n<p>[\/et_pb_text][et_pb_text _builder_version=&#8221;4.27.3&#8243; _module_preset=&#8221;_initial&#8221; text_text_color=&#8221;gcid-75f8feef-8e89-48de-a593-3e169dc48f01&#8243; text_font_size=&#8221;17px&#8221; global_colors_info=&#8221;{%22gcid-75f8feef-8e89-48de-a593-3e169dc48f01%22:%91%22text_text_color%22%93}&#8221;]<\/p>\n<p style=\"font-weight: 400;\">Redu\u00efm necessitats h\u00eddriques i limitem la compra d&#8217;abonaments i fertilitzants a aplicar.<\/p>\n<p>[\/et_pb_text][\/et_pb_column][et_pb_column type=&#8221;1_4&#8243; _builder_version=&#8221;4.23.2&#8243; _module_preset=&#8221;default&#8221; global_colors_info=&#8221;{}&#8221;][et_pb_image src=&#8221;https:\/\/fildebosc.es\/wp-content\/uploads\/2024\/11\/spa-icon-dark-04@2x.png&#8221; title_text=&#8221;spa-icon-dark-04@2x&#8221; _builder_version=&#8221;4.23.2&#8243; _module_preset=&#8221;default&#8221; max_width=&#8221;48px&#8221; max_height=&#8221;48px&#8221; custom_margin=&#8221;||20px||false|false&#8221; global_colors_info=&#8221;{}&#8221;][\/et_pb_image][et_pb_text _builder_version=&#8221;4.27.3&#8243; _module_preset=&#8221;_initial&#8221; header_6_text_color=&#8221;gcid-3c3581c1-f373-4686-aa51-f9f01c8ffd79&#8243; custom_margin=&#8221;||10px||false|false&#8221; global_colors_info=&#8221;{%22gcid-3c3581c1-f373-4686-aa51-f9f01c8ffd79%22:%91%22header_6_text_color%22%93}&#8221;]<\/p>\n<h3><span style=\"font-size: x-large;\">Repliquem<\/span><\/h3>\n<p>[\/et_pb_text][et_pb_text _builder_version=&#8221;4.27.3&#8243; _module_preset=&#8221;_initial&#8221; text_text_color=&#8221;gcid-75f8feef-8e89-48de-a593-3e169dc48f01&#8243; text_font_size=&#8221;17px&#8221; custom_padding=&#8221;||0px|||&#8221; global_colors_info=&#8221;{%22gcid-75f8feef-8e89-48de-a593-3e169dc48f01%22:%91%22text_text_color%22%93}&#8221;]<\/p>\n<p>Ensenyem com transformar aquests materials, en funci\u00f3 de les teves necessitats i el teu territori. <\/p>\n<p>[\/et_pb_text][\/et_pb_column][\/et_pb_row][\/et_pb_section][et_pb_section fb_built=&#8221;1&#8243; admin_label=&#8221;Call to Action&#8221; _builder_version=&#8221;4.23.2&#8243; _module_preset=&#8221;default&#8221; background_color=&#8221;gcid-fc7afca1-7302-4e55-829d-3d445387c282&#8243; background_image=&#8221;https:\/\/fildebosc.es\/wp-content\/uploads\/2024\/11\/spa-background-08.png&#8221; background_size=&#8221;initial&#8221; background_position=&#8221;bottom_center&#8221; collapsed=&#8221;on&#8221; global_colors_info=&#8221;{%22gcid-fc7afca1-7302-4e55-829d-3d445387c282%22:%91%22background_color%22%93}&#8221;][et_pb_row column_structure=&#8221;1_4,1_4,1_2&#8243; use_custom_gutter=&#8221;on&#8221; gutter_width=&#8221;2&#8243; make_equal=&#8221;on&#8221; _builder_version=&#8221;4.27.3&#8243; _module_preset=&#8221;default&#8221; global_colors_info=&#8221;{}&#8221;][et_pb_column type=&#8221;1_4&#8243; _builder_version=&#8221;4.27.3&#8243; _module_preset=&#8221;default&#8221; background_image=&#8221;https:\/\/fildebosc.es\/wp-content\/uploads\/2024\/02\/IMG_9991-1-scaled.jpg&#8221; border_radii=&#8221;on|15px|15px|15px|15px&#8221; global_colors_info=&#8221;{}&#8221;][et_pb_divider show_divider=&#8221;off&#8221; _builder_version=&#8221;4.27.3&#8243; _module_preset=&#8221;default&#8221; height_tablet=&#8221;50vw&#8221; height_phone=&#8221;50vw&#8221; height_last_edited=&#8221;on|tablet&#8221; border_radii=&#8221;on|15px|15px|15px|15px&#8221; global_colors_info=&#8221;{}&#8221;][\/et_pb_divider][\/et_pb_column][et_pb_column type=&#8221;1_4&#8243; _builder_version=&#8221;4.27.3&#8243; _module_preset=&#8221;default&#8221; background_image=&#8221;https:\/\/fildebosc.es\/wp-content\/uploads\/2024\/02\/adff83da-c327-4839-8765-83c0f6d4310b.jpg&#8221; border_radii=&#8221;on|15px|15px|15px|15px&#8221; global_colors_info=&#8221;{}&#8221;][et_pb_divider show_divider=&#8221;off&#8221; _builder_version=&#8221;4.23.2&#8243; _module_preset=&#8221;default&#8221; height_tablet=&#8221;50vw&#8221; height_phone=&#8221;50vw&#8221; height_last_edited=&#8221;on|tablet&#8221; locked=&#8221;off&#8221; global_colors_info=&#8221;{}&#8221;][\/et_pb_divider][\/et_pb_column][et_pb_column type=&#8221;1_2&#8243; _builder_version=&#8221;4.23.2&#8243; _module_preset=&#8221;default&#8221; custom_padding=&#8221;60px||60px||true|false&#8221; custom_padding_tablet=&#8221;0px||0px||true|false&#8221; custom_padding_phone=&#8221;0vw||||false|false&#8221; custom_padding_last_edited=&#8221;on|tablet&#8221; global_colors_info=&#8221;{}&#8221;][et_pb_heading title=&#8221;Un dels nostres projectes de transformaci\u00f3 de residus en recursos&#8221; _builder_version=&#8221;4.27.3&#8243; _module_preset=&#8221;default&#8221; title_text_align=&#8221;center&#8221; title_font_size=&#8221;19px&#8221; custom_margin=&#8221;-30px|||||&#8221; custom_padding=&#8221;24px||35px||false|false&#8221; global_colors_info=&#8221;{}&#8221;][\/et_pb_heading][et_pb_heading title=&#8221;Compostem llana&#8221; _builder_version=&#8221;4.27.3&#8243; _module_preset=&#8221;default&#8221; title_text_align=&#8221;center&#8221; title_font_size=&#8221;41px&#8221; custom_padding=&#8221;||40px|||&#8221; global_colors_info=&#8221;{}&#8221;][\/et_pb_heading][et_pb_text _builder_version=&#8221;4.27.3&#8243; _module_preset=&#8221;default&#8221; text_font_size=&#8221;19px&#8221; text_line_height=&#8221;1.8em&#8221; header_line_height=&#8221;1.2em&#8221; text_orientation=&#8221;center&#8221; global_colors_info=&#8221;{}&#8221;]<\/p>\n<p><span>Actualment <strong>investigem i<\/strong> <strong>formem<\/strong> per donar <strong>soluci\u00f3<\/strong> a la <strong>llana d&#8217;ovella.<\/strong><\/span><\/p>\n<p style=\"font-weight: 400;\">Pots <strong>elaborar<\/strong> <strong>fertilitzants<\/strong> i <strong>adobs<\/strong> d&#8217;una manera senzilla de replicar amb grans resultats en els teus <strong>cultius<\/strong>.<\/p>\n<p style=\"font-weight: 400;\"><span><span style=\"font-weight: 400;\"><strong>Convertim les deixalles en adob<\/strong> d&#8217;alta qualitat, <strong>generant un cicle tancat<\/strong> que enforteix la terra i <strong>assegura la producci\u00f3 d&#8217;aliments<\/strong> de qualitat. <\/span><\/span><\/p>\n<p style=\"font-weight: 400;\"><span><span style=\"font-weight: 400;\">Aquest enfocament innovador no sols \u00e9s <strong>econ\u00f2micament benefici\u00f3s<\/strong>, sin\u00f3 que tamb\u00e9 t\u00e9 un<strong> impacte positiu en el medi ambient.<\/strong> Vam <strong>mostrar <\/strong>als nostres clients <strong>com realitzar<\/strong> aquests processos, i aix\u00ed contribuir a la <strong>regeneraci\u00f3<\/strong> i <strong>l&#8217;autogesti\u00f3 <\/strong>de les finques.<\/span><\/span><\/p>\n<p>[\/et_pb_text][et_pb_text _builder_version=&#8221;4.27.3&#8243; _module_preset=&#8221;_initial&#8221; text_text_color=&#8221;gcid-75f8feef-8e89-48de-a593-3e169dc48f01&#8243; global_colors_info=&#8221;{%22gcid-75f8feef-8e89-48de-a593-3e169dc48f01%22:%91%22text_text_color%22%93}&#8221;]<\/p>\n<div>\n<p style=\"font-weight: 400;\">\n<\/div>\n<div><\/div>\n<p>[\/et_pb_text][\/et_pb_column][\/et_pb_row][\/et_pb_section][et_pb_section fb_built=&#8221;1&#8243; _builder_version=&#8221;4.27.3&#8243; _module_preset=&#8221;default&#8221; background_color=&#8221;#e2d7b7&#8243; global_colors_info=&#8221;{}&#8221;][et_pb_row column_structure=&#8221;1_4,1_4,1_4,1_4&#8243; _builder_version=&#8221;4.27.3&#8243; _module_preset=&#8221;default&#8221; global_colors_info=&#8221;{}&#8221;][et_pb_column type=&#8221;1_4&#8243; _builder_version=&#8221;4.27.3&#8243; _module_preset=&#8221;default&#8221; global_colors_info=&#8221;{}&#8221;][et_pb_blurb title=&#8221;Estudi sobre Compostatge amb llana&#8221; image=&#8221;https:\/\/fildebosc.es\/wp-content\/uploads\/2024\/02\/IMG_7856.jpeg&#8221; _builder_version=&#8221;4.27.3&#8243; _module_preset=&#8221;default&#8221; border_radii=&#8221;on|17px|17px|17px|17px&#8221; global_colors_info=&#8221;{%22gcid-33ba488a-a977-4fcb-9562-ca062f22498f%22:%91%22button_bg_color%22,%22button_bg_color%22,%22button_bg_color%22,%22button_bg_color%22%93,%22gcid-fc7afca1-7302-4e55-829d-3d445387c282%22:%91%22button_border_color%22,%22button_border_color%22%93}&#8221;]<\/p>\n<p>El 2021 vaig comen\u00e7ar la recerca sobre les possibilitats de la llana d&#8217;ovella amb finalitats agr\u00edcoles.<\/p>\n<p style=\"text-align: left;\">Arran de tota la recerca en col\u00b7laboraci\u00f3 amb ICIA i ULL es va elaborar el TFM sobre compostatge amb llana.<\/p>\n<p style=\"text-align: justify;\"><strong><em>Compostaje con lana de oveja Mallorquina; solucion agroecol\u00f3gica contra el desperdicio de recursos (2022).<\/em><\/strong><\/p>\n<p>[\/et_pb_blurb][et_pb_button button_url=&#8221;https:\/\/riull.ull.es\/xmlui\/handle\/915\/37459?show=full&#8221; url_new_window=&#8221;on&#8221; button_text=&#8221;Investigaci\u00f3n&#8221; _builder_version=&#8221;4.27.3&#8243; _module_preset=&#8221;_initial&#8221; custom_button=&#8221;on&#8221; button_text_color=&#8221;#FFFFFF&#8221; button_bg_color=&#8221;gcid-33ba488a-a977-4fcb-9562-ca062f22498f&#8221; global_colors_info=&#8221;{%22gcid-33ba488a-a977-4fcb-9562-ca062f22498f%22:%91%22button_bg_color%22%93}&#8221;][\/et_pb_button][\/et_pb_column][et_pb_column type=&#8221;1_4&#8243; _builder_version=&#8221;4.27.3&#8243; _module_preset=&#8221;default&#8221; global_colors_info=&#8221;{}&#8221;][et_pb_blurb title=&#8221;Proves Pilot Compostatge en Finca Menorca. &#8221; image=&#8221;https:\/\/fildebosc.es\/wp-content\/uploads\/2024\/11\/IMG_0931.heic&#8221; _builder_version=&#8221;4.27.3&#8243; _module_preset=&#8221;default&#8221; hover_enabled=&#8221;0&#8243; border_radii=&#8221;on|15px|15px|15px|15px&#8221; global_colors_info=&#8221;{}&#8221; title_text=&#8221;IMG_0931&#8243; sticky_enabled=&#8221;0&#8243;]<\/p>\n<p><span>Aquesta iniciativa transforma un residu sense sortida comercial en un recurs valu\u00f3s per a fomentar l&#8217;economia circular i reduir la petjada de carboni. Mitjan\u00e7ant formaci\u00f3 especialitzada, treballem al costat de ramaders locals per a desenvolupar un protocol replicable que converteixi la llana en un compost de qualitat, adaptat a les necessitats reals del camp. <\/span><\/p>\n<p>[\/et_pb_blurb][et_pb_button button_url=&#8221;https:\/\/leadermenorca.org\/wp-content\/uploads\/2024\/10\/informe-final-pp-slechuga-comprimido.pdf&#8221; url_new_window=&#8221;on&#8221; button_text=&#8221;Pruebas piloto&#8221; _builder_version=&#8221;4.27.3&#8243; _module_preset=&#8221;_initial&#8221; custom_button=&#8221;on&#8221; button_text_color=&#8221;#FFFFFF&#8221; button_bg_color=&#8221;gcid-33ba488a-a977-4fcb-9562-ca062f22498f&#8221; global_colors_info=&#8221;{%22gcid-33ba488a-a977-4fcb-9562-ca062f22498f%22:%91%22button_bg_color%22%93}&#8221;][\/et_pb_button][\/et_pb_column][et_pb_column type=&#8221;1_4&#8243; _builder_version=&#8221;4.27.3&#8243; _module_preset=&#8221;default&#8221; global_colors_info=&#8221;{}&#8221;][et_pb_blurb title=&#8221;Formaci\u00f3 al Galatz\u00f2&#8221; image=&#8221;https:\/\/fildebosc.es\/wp-content\/uploads\/2024\/11\/IMG_0094.heic&#8221; _builder_version=&#8221;4.27.3&#8243; _module_preset=&#8221;default&#8221; border_radii=&#8221;off|15px|15px|15px|15px&#8221; global_colors_info=&#8221;{}&#8221;]<\/p>\n<p>En col\u00b7laboraci\u00f3 amb L&#8217;Ajuntament de Calvi\u00e0, Medi Ambient (2022) realitzem un taller formatiu en la Finca P\u00fablica del Galatz\u00f3 per a ramaders locals, com a estrat\u00e8gia de reducci\u00f3 i transformaci\u00f3 de residus.<\/p>\n<p>Ajuntaments com Sineu, Sencelles, Pollen\u00e7a ja s&#8217;han adherit a les nostres formacions.A quines esperes per a sol\u00b7licitar informaci\u00f3?<\/p>\n<p>[\/et_pb_blurb][et_pb_button button_url=&#8221;@ET-DC@eyJkeW5hbWljIjp0cnVlLCJjb250ZW50IjoicG9zdF9saW5rX3VybF9wYWdlIiwic2V0dGluZ3MiOnsicG9zdF9pZCI6IjMyNjQiLCJlbmFibGVfaHRtbCI6Im9mZiJ9fQ==@&#8221; button_text=&#8221;M\u00e1s informaci\u00f3n&#8221; _builder_version=&#8221;4.27.3&#8243; _dynamic_attributes=&#8221;button_url&#8221; _module_preset=&#8221;_initial&#8221; custom_button=&#8221;on&#8221; button_text_color=&#8221;#FFFFFF&#8221; button_bg_color=&#8221;gcid-33ba488a-a977-4fcb-9562-ca062f22498f&#8221; global_colors_info=&#8221;{%22gcid-33ba488a-a977-4fcb-9562-ca062f22498f%22:%91%22button_bg_color%22%93}&#8221;][\/et_pb_button][\/et_pb_column][et_pb_column type=&#8221;1_4&#8243; _builder_version=&#8221;4.27.3&#8243; _module_preset=&#8221;default&#8221; global_colors_info=&#8221;{}&#8221;][et_pb_blurb title=&#8221;Proves amb Ferments l\u00e0ctics&#8221; image=&#8221;https:\/\/fildebosc.es\/wp-content\/uploads\/2024\/11\/IMG_6259.jpg&#8221; _builder_version=&#8221;4.27.3&#8243; _module_preset=&#8221;default&#8221; border_radii=&#8221;on|15px|15px|15px|15px&#8221; border_radii_tablet=&#8221;on|15px|15px|15px|15px&#8221; border_radii_phone=&#8221;on|15px|15px|15px|15px&#8221; border_radii_last_edited=&#8221;on|desktop&#8221; global_colors_info=&#8221;{%22gcid-33ba488a-a977-4fcb-9562-ca062f22498f%22:%91%22button_bg_color%22,%22button_bg_color%22%93,%22gcid-fc7afca1-7302-4e55-829d-3d445387c282%22:%91%22button_border_color%22%93}&#8221;]<\/p>\n<p>Realitzem assajos en camp sota problemes reals pel que elaborem ferments l\u00e0ctics a partir d&#8217;arr\u00f2s i apliquem a la pila de compost. Vam obtenir un compost \u00f2ptim. Vam demostrar aix\u00ed que la llana pot ser compostada en diversos mitjans i condicions.  <\/p>\n<p>Si vols saber els avan\u00e7os que anem realitzant, visita el nostre blog on documentem els assajos que realitzem.<\/p>\n<p>[\/et_pb_blurb][et_pb_button button_url=&#8221;@ET-DC@eyJkeW5hbWljIjp0cnVlLCJjb250ZW50IjoicG9zdF9saW5rX3VybF9wb3N0Iiwic2V0dGluZ3MiOnsicG9zdF9pZCI6IjMzMzYiLCJlbmFibGVfaHRtbCI6Im9mZiJ9fQ==@&#8221; button_text=&#8221;Entrada de Blog  &#8221; _builder_version=&#8221;4.27.3&#8243; _dynamic_attributes=&#8221;button_url&#8221; _module_preset=&#8221;_initial&#8221; custom_button=&#8221;on&#8221; button_text_color=&#8221;#FFFFFF&#8221; button_bg_color=&#8221;gcid-33ba488a-a977-4fcb-9562-ca062f22498f&#8221; global_colors_info=&#8221;{%22gcid-fc7afca1-7302-4e55-829d-3d445387c282%22:%91%22button_border_color%22%93,%22gcid-33ba488a-a977-4fcb-9562-ca062f22498f%22:%91%22button_bg_color%22%93}&#8221;][\/et_pb_button][\/et_pb_column][\/et_pb_row][\/et_pb_section]<\/p>\n","protected":false},"excerpt":{"rendered":"<p>Transformaci\u00f3 de residus en recursosTreballem per a trobar solucions innovadores que converteixin el que resulten desaprofitaments en valuosos recursos. Aix\u00f2 no sols beneficia als nostres clients reduint costos i millorant la qualitat dels aliments, sin\u00f3 que tamb\u00e9 contribueix a la regeneraci\u00f3 dels nostres territoris. Transformaci\u00f3 de residus en recursosInvestiguem solucions innovadores que converteixin el que [&hellip;]<\/p>\n","protected":false},"author":5,"featured_media":3808,"parent":0,"menu_order":0,"comment_status":"closed","ping_status":"closed","template":"","meta":{"_et_pb_use_builder":"on","_et_pb_old_content":"","_et_gb_content_width":"","om_disable_all_campaigns":false,"footnotes":""},"class_list":["post-4203","page","type-page","status-publish","has-post-thumbnail","hentry"],"aioseo_notices":[],"_links":{"self":[{"href":"https:\/\/fildebosc.es\/ca\/wp-json\/wp\/v2\/pages\/4203","targetHints":{"allow":["GET"]}}],"collection":[{"href":"https:\/\/fildebosc.es\/ca\/wp-json\/wp\/v2\/pages"}],"about":[{"href":"https:\/\/fildebosc.es\/ca\/wp-json\/wp\/v2\/types\/page"}],"author":[{"embeddable":true,"href":"https:\/\/fildebosc.es\/ca\/wp-json\/wp\/v2\/users\/5"}],"replies":[{"embeddable":true,"href":"https:\/\/fildebosc.es\/ca\/wp-json\/wp\/v2\/comments?post=4203"}],"version-history":[{"count":0,"href":"https:\/\/fildebosc.es\/ca\/wp-json\/wp\/v2\/pages\/4203\/revisions"}],"wp:featuredmedia":[{"embeddable":true,"href":"https:\/\/fildebosc.es\/ca\/wp-json\/wp\/v2\/media\/3808"}],"wp:attachment":[{"href":"https:\/\/fildebosc.es\/ca\/wp-json\/wp\/v2\/media?parent=4203"}],"curies":[{"name":"wp","href":"https:\/\/api.w.org\/{rel}","templated":true}]}}